{"id":1161,"date":"2024-01-10T08:58:39","date_gmt":"2024-01-10T07:58:39","guid":{"rendered":"https:\/\/taxipererovira.com\/?page_id=1161"},"modified":"2025-06-28T12:52:56","modified_gmt":"2025-06-28T10:52:56","slug":"tarifas","status":"publish","type":"page","link":"https:\/\/taxipererovira.com\/es\/tarifas\/","title":{"rendered":"Tarifas"},"content":{"rendered":"\t\t<div data-elementor-type=\"wp-page\" data-elementor-id=\"1161\" class=\"elementor elementor-1161 elementor-267\" data-elementor-post-type=\"page\">\n\t\t\t\t<div class=\"elementor-element elementor-element-58f8efe3 e-flex e-con-boxed e-con e-parent\" data-id=\"58f8efe3\" data-element_type=\"container\" data-e-type=\"container\" data-settings=\"{&quot;background_background&quot;:&quot;classic&quot;}\">\n\t\t\t\t\t<div class=\"e-con-inner\">\n\t\t\t\t<div class=\"elementor-element elementor-element-682c7985 elementor-widget elementor-widget-heading\" data-id=\"682c7985\" data-element_type=\"widget\" data-e-type=\"widget\" data-widget_type=\"heading.default\">\n\t\t\t\t<div class=\"elementor-widget-container\">\n\t\t\t\t\t<h1 class=\"elementor-heading-title elementor-size-default\">TARIFAS<\/h1>\t\t\t\t<\/div>\n\t\t\t\t<\/div>\n\t\t\t\t<div class=\"elementor-element elementor-element-14d719a1 elementor-widget elementor-widget-text-editor\" data-id=\"14d719a1\" data-element_type=\"widget\" data-e-type=\"widget\" data-widget_type=\"text-editor.default\">\n\t\t\t\t<div class=\"elementor-widget-container\">\n\t\t\t\t\t\t\t\t\t<p>Visualiza nuestras principales tarifas y contacta directamente con nosotros. <br><span class=\"Y2IQFc\" lang=\"ca\"><br>Los precios incluyen IVA y peajes.<\/span><\/p>\t\t\t\t\t\t\t\t<\/div>\n\t\t\t\t<\/div>\n\t\t\t\t\t<\/div>\n\t\t\t\t<\/div>\n\t\t<div class=\"elementor-element elementor-element-4ec3c6e7 e-con-full e-flex e-con e-parent\" data-id=\"4ec3c6e7\" data-element_type=\"container\" data-e-type=\"container\" data-settings=\"{&quot;background_background&quot;:&quot;classic&quot;}\">\n\t\t<div class=\"elementor-element elementor-element-62eaadf3 e-con-full e-flex e-con e-child\" data-id=\"62eaadf3\" data-element_type=\"container\" data-e-type=\"container\">\n\t\t\t\t<div class=\"elementor-element elementor-element-7eaf56f6 elementor-widget elementor-widget-heading\" data-id=\"7eaf56f6\" data-element_type=\"widget\" data-e-type=\"widget\" data-widget_type=\"heading.default\">\n\t\t\t\t<div class=\"elementor-widget-container\">\n\t\t\t\t\t<h3 class=\"elementor-heading-title elementor-size-default\">Vilanova \u2013 Aeropuerto de Barcelona T1: 75\u201385 \u20ac<\/h3>\t\t\t\t<\/div>\n\t\t\t\t<\/div>\n\t\t\t\t<div class=\"elementor-element elementor-element-7d20aa3d elementor-widget elementor-widget-text-editor\" data-id=\"7d20aa3d\" data-element_type=\"widget\" data-e-type=\"widget\" data-widget_type=\"text-editor.default\">\n\t\t\t\t<div class=\"elementor-widget-container\">\n\t\t\t\t\t\t\t\t\t<p>Ofrecemos traslados directos desde Vilanova i la Geltr\u00fa hasta la Terminal 1 del Aeropuerto de Barcelona por solo<strong data-start=\"360\" data-end=\"371\"> 75\u201385\u202f\u20ac<\/strong>. Un servicio ideal para <strong data-start=\"420\" data-end=\"432\">empresas y particulares <\/strong>que necesitan desplazarse de forma eficiente y profesional. <\/p>\t\t\t\t\t\t\t\t<\/div>\n\t\t\t\t<\/div>\n\t\t\t\t<\/div>\n\t\t<div class=\"elementor-element elementor-element-23daf2e9 e-con-full e-flex e-con e-child\" data-id=\"23daf2e9\" data-element_type=\"container\" data-e-type=\"container\">\n\t\t\t\t<div class=\"elementor-element elementor-element-54c2c084 elementor-widget elementor-widget-image\" data-id=\"54c2c084\" data-element_type=\"widget\" data-e-type=\"widget\" data-widget_type=\"image.default\">\n\t\t\t\t<div class=\"elementor-widget-container\">\n\t\t\t\t\t\t\t\t\t\t\t\t\t\t\t<img fetchpriority=\"high\" decoding=\"async\" width=\"800\" height=\"450\" src=\"https:\/\/taxipererovira.com\/wp-content\/uploads\/2025\/04\/terminal-1-barcelona-el-prat-1024x576.webp\" class=\"attachment-large size-large wp-image-2710\" alt=\"\" srcset=\"https:\/\/taxipererovira.com\/wp-content\/uploads\/2025\/04\/terminal-1-barcelona-el-prat-1024x576.webp 1024w, https:\/\/taxipererovira.com\/wp-content\/uploads\/2025\/04\/terminal-1-barcelona-el-prat-300x169.webp 300w, https:\/\/taxipererovira.com\/wp-content\/uploads\/2025\/04\/terminal-1-barcelona-el-prat-768x432.webp 768w, https:\/\/taxipererovira.com\/wp-content\/uploads\/2025\/04\/terminal-1-barcelona-el-prat.webp 1200w\" sizes=\"(max-width: 800px) 100vw, 800px\" \/>\t\t\t\t\t\t\t\t\t\t\t\t\t\t\t<\/div>\n\t\t\t\t<\/div>\n\t\t\t\t<\/div>\n\t\t\t\t<\/div>\n\t\t<div class=\"elementor-element elementor-element-866ebb1 e-con-full e-flex e-con e-parent\" data-id=\"866ebb1\" data-element_type=\"container\" data-e-type=\"container\" data-settings=\"{&quot;background_background&quot;:&quot;classic&quot;}\">\n\t\t<div class=\"elementor-element elementor-element-c193053 e-con-full e-flex e-con e-child\" data-id=\"c193053\" data-element_type=\"container\" data-e-type=\"container\">\n\t\t\t\t<div class=\"elementor-element elementor-element-193782b elementor-widget elementor-widget-heading\" data-id=\"193782b\" data-element_type=\"widget\" data-e-type=\"widget\" data-widget_type=\"heading.default\">\n\t\t\t\t<div class=\"elementor-widget-container\">\n\t\t\t\t\t<h3 class=\"elementor-heading-title elementor-size-default\">Vilanova \u2013 Aeropuerto de Barcelona T2: 85\u201395 \u20ac<\/h3>\t\t\t\t<\/div>\n\t\t\t\t<\/div>\n\t\t\t\t<div class=\"elementor-element elementor-element-9154649 elementor-widget elementor-widget-text-editor\" data-id=\"9154649\" data-element_type=\"widget\" data-e-type=\"widget\" data-widget_type=\"text-editor.default\">\n\t\t\t\t<div class=\"elementor-widget-container\">\n\t\t\t\t\t\t\t\t\t<p>Traslados desde Vilanova i la Geltr\u00fa hasta la Terminal 2 del Aeropuerto de Barcelona por <strong data-start=\"230\" data-end=\"241\">85\u201395\u202f\u20ac<\/strong>.<br>Un servicio eficiente y confortable, pensado especialmente para <strong data-start=\"303\" data-end=\"315\">empresas y particulares <\/strong>que valoran la puntualidad y la profesionalidad.  <\/p>\t\t\t\t\t\t\t\t<\/div>\n\t\t\t\t<\/div>\n\t\t\t\t<\/div>\n\t\t<div class=\"elementor-element elementor-element-aa54f04 e-con-full e-flex e-con e-child\" data-id=\"aa54f04\" data-element_type=\"container\" data-e-type=\"container\">\n\t\t\t\t<div class=\"elementor-element elementor-element-b3b9151 elementor-widget elementor-widget-image\" data-id=\"b3b9151\" data-element_type=\"widget\" data-e-type=\"widget\" data-widget_type=\"image.default\">\n\t\t\t\t<div class=\"elementor-widget-container\">\n\t\t\t\t\t\t\t\t\t\t\t\t\t\t\t<img decoding=\"async\" width=\"768\" height=\"541\" src=\"https:\/\/taxipererovira.com\/wp-content\/uploads\/2025\/04\/Terminal-2-aeroport-del-prat.jpg\" class=\"attachment-large size-large wp-image-2714\" alt=\"\" srcset=\"https:\/\/taxipererovira.com\/wp-content\/uploads\/2025\/04\/Terminal-2-aeroport-del-prat.jpg 768w, https:\/\/taxipererovira.com\/wp-content\/uploads\/2025\/04\/Terminal-2-aeroport-del-prat-300x211.jpg 300w\" sizes=\"(max-width: 768px) 100vw, 768px\" \/>\t\t\t\t\t\t\t\t\t\t\t\t\t\t\t<\/div>\n\t\t\t\t<\/div>\n\t\t\t\t<\/div>\n\t\t\t\t<\/div>\n\t\t<div class=\"elementor-element elementor-element-ef26b47 e-con-full e-flex e-con e-parent\" data-id=\"ef26b47\" data-element_type=\"container\" data-e-type=\"container\" data-settings=\"{&quot;background_background&quot;:&quot;classic&quot;}\">\n\t\t<div class=\"elementor-element elementor-element-bcb8e26 e-con-full e-flex e-con e-child\" data-id=\"bcb8e26\" data-element_type=\"container\" data-e-type=\"container\">\n\t\t\t\t<div class=\"elementor-element elementor-element-c3c9452 elementor-widget elementor-widget-heading\" data-id=\"c3c9452\" data-element_type=\"widget\" data-e-type=\"widget\" data-widget_type=\"heading.default\">\n\t\t\t\t<div class=\"elementor-widget-container\">\n\t\t\t\t\t<h3 class=\"elementor-heading-title elementor-size-default\">Vilanova \u2013 Estaci\u00f3n Barcelona Sants: 95\u2013100 \u20ac<\/h3>\t\t\t\t<\/div>\n\t\t\t\t<\/div>\n\t\t\t\t<div class=\"elementor-element elementor-element-72cb8e1 elementor-widget elementor-widget-text-editor\" data-id=\"72cb8e1\" data-element_type=\"widget\" data-e-type=\"widget\" data-widget_type=\"text-editor.default\">\n\t\t\t\t<div class=\"elementor-widget-container\">\n\t\t\t\t\t\t\t\t\t<p>Traslados c\u00f3modos y directos desde Vilanova i la Geltr\u00fa hasta la estaci\u00f3n de Barcelona Sants por <strong data-start=\"247\" data-end=\"258\">95\u2013100\u202f\u20ac<\/strong>. Ideal tanto para viajes personales como profesionales, con un servicio puntual y total garant\u00eda de confort.  <\/p>\t\t\t\t\t\t\t\t<\/div>\n\t\t\t\t<\/div>\n\t\t\t\t<\/div>\n\t\t<div class=\"elementor-element elementor-element-44f9a7e e-con-full e-flex e-con e-child\" data-id=\"44f9a7e\" data-element_type=\"container\" data-e-type=\"container\">\n\t\t\t\t<div class=\"elementor-element elementor-element-6ab19ab elementor-widget elementor-widget-image\" data-id=\"6ab19ab\" data-element_type=\"widget\" data-e-type=\"widget\" data-widget_type=\"image.default\">\n\t\t\t\t<div class=\"elementor-widget-container\">\n\t\t\t\t\t\t\t\t\t\t\t\t\t\t\t<img decoding=\"async\" width=\"800\" height=\"505\" src=\"https:\/\/taxipererovira.com\/wp-content\/uploads\/2025\/04\/barcelona-taxi-vilanova-pere-1-1024x647.jpg\" class=\"attachment-large size-large wp-image-2718\" alt=\"\" srcset=\"https:\/\/taxipererovira.com\/wp-content\/uploads\/2025\/04\/barcelona-taxi-vilanova-pere-1-1024x647.jpg 1024w, https:\/\/taxipererovira.com\/wp-content\/uploads\/2025\/04\/barcelona-taxi-vilanova-pere-1-300x189.jpg 300w, https:\/\/taxipererovira.com\/wp-content\/uploads\/2025\/04\/barcelona-taxi-vilanova-pere-1-768x485.jpg 768w, https:\/\/taxipererovira.com\/wp-content\/uploads\/2025\/04\/barcelona-taxi-vilanova-pere-1-1536x970.jpg 1536w, https:\/\/taxipererovira.com\/wp-content\/uploads\/2025\/04\/barcelona-taxi-vilanova-pere-1.jpg 2000w\" sizes=\"(max-width: 800px) 100vw, 800px\" \/>\t\t\t\t\t\t\t\t\t\t\t\t\t\t\t<\/div>\n\t\t\t\t<\/div>\n\t\t\t\t<\/div>\n\t\t\t\t<\/div>\n\t\t<div class=\"elementor-element elementor-element-123cf7b e-con-full e-flex e-con e-parent\" data-id=\"123cf7b\" data-element_type=\"container\" data-e-type=\"container\" data-settings=\"{&quot;background_background&quot;:&quot;classic&quot;}\">\n\t\t<div class=\"elementor-element elementor-element-b12f9f5 e-con-full e-flex e-con e-child\" data-id=\"b12f9f5\" data-element_type=\"container\" data-e-type=\"container\">\n\t\t\t\t<div class=\"elementor-element elementor-element-610b958 elementor-widget elementor-widget-heading\" data-id=\"610b958\" data-element_type=\"widget\" data-e-type=\"widget\" data-widget_type=\"heading.default\">\n\t\t\t\t<div class=\"elementor-widget-container\">\n\t\t\t\t\t<h3 class=\"elementor-heading-title elementor-size-default\">Vilanova \u2013 Aeropuerto de Reus: 110 \u20ac<\/h3>\t\t\t\t<\/div>\n\t\t\t\t<\/div>\n\t\t\t\t<div class=\"elementor-element elementor-element-9bdbd29 elementor-widget elementor-widget-text-editor\" data-id=\"9bdbd29\" data-element_type=\"widget\" data-e-type=\"widget\" data-widget_type=\"text-editor.default\">\n\t\t\t\t<div class=\"elementor-widget-container\">\n\t\t\t\t\t\t\t\t\t<p>Viaja desde Vilanova i la Geltr\u00fa hasta el <strong data-start=\"189\" data-end=\"209\">Aeropuerto de Reus<\/strong> por <strong data-start=\"214\" data-end=\"223\">110\u202f\u20ac<\/strong>.<br>Un servicio puntual y confortable, ideal tanto para viajeros particulares como para desplazamientos profesionales. Reserva anticipadamente y disfruta de un trayecto sin estr\u00e9s.  <\/p>\t\t\t\t\t\t\t\t<\/div>\n\t\t\t\t<\/div>\n\t\t\t\t<\/div>\n\t\t<div class=\"elementor-element elementor-element-1c010bc e-con-full e-flex e-con e-child\" data-id=\"1c010bc\" data-element_type=\"container\" data-e-type=\"container\">\n\t\t\t\t<div class=\"elementor-element elementor-element-8bd2961 elementor-widget elementor-widget-image\" data-id=\"8bd2961\" data-element_type=\"widget\" data-e-type=\"widget\" data-widget_type=\"image.default\">\n\t\t\t\t<div class=\"elementor-widget-container\">\n\t\t\t\t\t\t\t\t\t\t\t\t\t\t\t<img loading=\"lazy\" decoding=\"async\" width=\"768\" height=\"432\" src=\"https:\/\/taxipererovira.com\/wp-content\/uploads\/2025\/04\/aeroport-reus-taxi-vilanova-pere.webp\" class=\"attachment-large size-large wp-image-2722\" alt=\"\" srcset=\"https:\/\/taxipererovira.com\/wp-content\/uploads\/2025\/04\/aeroport-reus-taxi-vilanova-pere.webp 768w, https:\/\/taxipererovira.com\/wp-content\/uploads\/2025\/04\/aeroport-reus-taxi-vilanova-pere-300x169.webp 300w\" sizes=\"(max-width: 768px) 100vw, 768px\" \/>\t\t\t\t\t\t\t\t\t\t\t\t\t\t\t<\/div>\n\t\t\t\t<\/div>\n\t\t\t\t<\/div>\n\t\t\t\t<\/div>\n\t\t<div class=\"elementor-element elementor-element-02e100c e-con-full e-flex e-con e-parent\" data-id=\"02e100c\" data-element_type=\"container\" data-e-type=\"container\" data-settings=\"{&quot;background_background&quot;:&quot;classic&quot;}\">\n\t\t<div class=\"elementor-element elementor-element-ddb630a e-con-full e-flex e-con e-child\" data-id=\"ddb630a\" data-element_type=\"container\" data-e-type=\"container\">\n\t\t\t\t<div class=\"elementor-element elementor-element-f486f45 elementor-widget elementor-widget-heading\" data-id=\"f486f45\" data-element_type=\"widget\" data-e-type=\"widget\" data-widget_type=\"heading.default\">\n\t\t\t\t<div class=\"elementor-widget-container\">\n\t\t\t\t\t<h3 class=\"elementor-heading-title elementor-size-default\">Vilanova \u2013 Estaci\u00f3n AVE de Tarragona: 95\u2013100 \u20ac\n<\/h3>\t\t\t\t<\/div>\n\t\t\t\t<\/div>\n\t\t\t\t<div class=\"elementor-element elementor-element-43c3fcd elementor-widget elementor-widget-text-editor\" data-id=\"43c3fcd\" data-element_type=\"widget\" data-e-type=\"widget\" data-widget_type=\"text-editor.default\">\n\t\t\t\t<div class=\"elementor-widget-container\">\n\t\t\t\t\t\t\t\t\t<p>Traslados hasta la estaci\u00f3n del AVE en Tarragona por <strong data-start=\"1127\" data-end=\"1139\">95\u2013100\u202f\u20ac<\/strong>.<br>Un servicio pensado para llevarte o recogerte de tu tren con puntualidad y sin estr\u00e9s.<br><br><br><br><br><br><br> <\/p>\t\t\t\t\t\t\t\t<\/div>\n\t\t\t\t<\/div>\n\t\t\t\t<\/div>\n\t\t<div class=\"elementor-element elementor-element-2f3f101 e-con-full e-flex e-con e-child\" data-id=\"2f3f101\" data-element_type=\"container\" data-e-type=\"container\">\n\t\t\t\t<div class=\"elementor-element elementor-element-dd14a24 elementor-widget elementor-widget-image\" data-id=\"dd14a24\" data-element_type=\"widget\" data-e-type=\"widget\" data-widget_type=\"image.default\">\n\t\t\t\t<div class=\"elementor-widget-container\">\n\t\t\t\t\t\t\t\t\t\t\t\t\t\t\t<img loading=\"lazy\" decoding=\"async\" width=\"770\" height=\"420\" src=\"https:\/\/taxipererovira.com\/wp-content\/uploads\/2025\/04\/ave-tarragona-taxi-vilanova.jpg\" class=\"attachment-large size-large wp-image-2726\" alt=\"\" srcset=\"https:\/\/taxipererovira.com\/wp-content\/uploads\/2025\/04\/ave-tarragona-taxi-vilanova.jpg 770w, https:\/\/taxipererovira.com\/wp-content\/uploads\/2025\/04\/ave-tarragona-taxi-vilanova-300x164.jpg 300w, https:\/\/taxipererovira.com\/wp-content\/uploads\/2025\/04\/ave-tarragona-taxi-vilanova-768x419.jpg 768w\" sizes=\"(max-width: 770px) 100vw, 770px\" \/>\t\t\t\t\t\t\t\t\t\t\t\t\t\t\t<\/div>\n\t\t\t\t<\/div>\n\t\t\t\t<\/div>\n\t\t\t\t<\/div>\n\t\t\t\t<\/div>\n\t\t","protected":false},"excerpt":{"rendered":"<p>TARIFAS Visualiza nuestras principales tarifas y contacta directamente con nosotros. Los precios incluyen IVA y peajes. Vilanova \u2013 Aeropuerto de Barcelona T1: 75\u201385 \u20ac Ofrecemos traslados directos desde Vilanova i la Geltr\u00fa hasta la Terminal 1 del Aeropuerto de Barcelona por solo 75\u201385\u202f\u20ac. Un servicio ideal para empresas y particulares que necesitan desplazarse de forma [&hellip;]<\/p>\n","protected":false},"author":1,"featured_media":0,"parent":0,"menu_order":0,"comment_status":"closed","ping_status":"closed","template":"elementor_header_footer","meta":{"footnotes":""},"class_list":["post-1161","page","type-page","status-publish","hentry"],"_links":{"self":[{"href":"https:\/\/taxipererovira.com\/es\/wp-json\/wp\/v2\/pages\/1161","targetHints":{"allow":["GET"]}}],"collection":[{"href":"https:\/\/taxipererovira.com\/es\/wp-json\/wp\/v2\/pages"}],"about":[{"href":"https:\/\/taxipererovira.com\/es\/wp-json\/wp\/v2\/types\/page"}],"author":[{"embeddable":true,"href":"https:\/\/taxipererovira.com\/es\/wp-json\/wp\/v2\/users\/1"}],"replies":[{"embeddable":true,"href":"https:\/\/taxipererovira.com\/es\/wp-json\/wp\/v2\/comments?post=1161"}],"version-history":[{"count":4,"href":"https:\/\/taxipererovira.com\/es\/wp-json\/wp\/v2\/pages\/1161\/revisions"}],"predecessor-version":[{"id":2919,"href":"https:\/\/taxipererovira.com\/es\/wp-json\/wp\/v2\/pages\/1161\/revisions\/2919"}],"wp:attachment":[{"href":"https:\/\/taxipererovira.com\/es\/wp-json\/wp\/v2\/media?parent=1161"}],"curies":[{"name":"wp","href":"https:\/\/api.w.org\/{rel}","templated":true}]}}