{"id":1220,"date":"2024-01-22T16:51:59","date_gmt":"2024-01-22T15:51:59","guid":{"rendered":"https:\/\/taxipererovira.com\/?page_id=1220"},"modified":"2024-03-07T08:35:06","modified_gmt":"2024-03-07T07:35:06","slug":"calendrier-des-festivites-de-vilanova-i-la-geltru","status":"publish","type":"page","link":"https:\/\/taxipererovira.com\/fr\/calendrier-des-festivites-de-vilanova-i-la-geltru\/","title":{"rendered":"Calendrier des festivit\u00e9s de Vilanova i la Geltru"},"content":{"rendered":"\t\t<div data-elementor-type=\"wp-page\" data-elementor-id=\"1220\" class=\"elementor elementor-1220 elementor-443\" data-elementor-post-type=\"page\">\n\t\t\t\t<div class=\"elementor-element elementor-element-35d52562 e-flex e-con-boxed e-con e-parent\" data-id=\"35d52562\" data-element_type=\"container\" data-e-type=\"container\" data-settings=\"{&quot;background_background&quot;:&quot;classic&quot;}\">\n\t\t\t\t\t<div class=\"e-con-inner\">\n\t\t\t\t<div class=\"elementor-element elementor-element-24a0b1c4 elementor-widget__width-inherit elementor-invisible elementor-widget elementor-widget-heading\" data-id=\"24a0b1c4\" data-element_type=\"widget\" data-e-type=\"widget\" data-settings=\"{&quot;_animation&quot;:&quot;fadeIn&quot;}\" data-widget_type=\"heading.default\">\n\t\t\t\t<div class=\"elementor-widget-container\">\n\t\t\t\t\t<h1 class=\"elementor-heading-title elementor-size-default\">Calendrier des festivit\u00e9s de Vilanova i la Geltru<\/h1>\t\t\t\t<\/div>\n\t\t\t\t<\/div>\n\t\t\t\t<div class=\"elementor-element elementor-element-8ee9d2 elementor-fixed animated-slow elementor-hidden-mobile elementor-view-default elementor-invisible elementor-widget elementor-widget-icon\" data-id=\"8ee9d2\" data-element_type=\"widget\" data-e-type=\"widget\" data-settings=\"{&quot;_position&quot;:&quot;fixed&quot;,&quot;_animation&quot;:&quot;fadeIn&quot;,&quot;_animation_delay&quot;:1800}\" data-widget_type=\"icon.default\">\n\t\t\t\t<div class=\"elementor-widget-container\">\n\t\t\t\t\t\t\t<div class=\"elementor-icon-wrapper\">\n\t\t\t<a class=\"elementor-icon elementor-animation-grow\" href=\"#elementor-action%3Aaction%3Dpopup%3Aopen%26settings%3DeyJpZCI6MzIsInRvZ2dsZSI6ZmFsc2V9\">\n\t\t\t\t\t\t<\/a>\n\t\t<\/div>\n\t\t\t\t\t\t<\/div>\n\t\t\t\t<\/div>\n\t\t\t\t\t<\/div>\n\t\t\t\t<\/div>\n\t\t<div class=\"elementor-element elementor-element-2571bb9 e-flex e-con-boxed e-con e-parent\" data-id=\"2571bb9\" data-element_type=\"container\" data-e-type=\"container\">\n\t\t\t\t\t<div class=\"e-con-inner\">\n\t\t<div class=\"elementor-element elementor-element-fd8df6c e-con-full e-flex e-con e-child\" data-id=\"fd8df6c\" data-element_type=\"container\" data-e-type=\"container\">\n\t\t\t\t<div class=\"elementor-element elementor-element-b53604f elementor-widget elementor-widget-heading\" data-id=\"b53604f\" data-element_type=\"widget\" data-e-type=\"widget\" data-widget_type=\"heading.default\">\n\t\t\t\t<div class=\"elementor-widget-container\">\n\t\t\t\t\t<h5 class=\"elementor-heading-title elementor-size-default\">JANVIER<\/h5>\t\t\t\t<\/div>\n\t\t\t\t<\/div>\n\t\t\t\t<div class=\"elementor-element elementor-element-dd34d18 elementor-widget elementor-widget-text-editor\" data-id=\"dd34d18\" data-element_type=\"widget\" data-e-type=\"widget\" data-widget_type=\"text-editor.default\">\n\t\t\t\t<div class=\"elementor-widget-container\">\n\t\t\t\t\t\t\t\t\t<ul>\n<li>1er janvier, <strong><a href=\"https:\/\/vilanova.cat\/agenda\/detall?id=30840\" target=\"_self\" rel=\"noopener\">Retable de No\u00ebl<\/a><\/strong><\/li>\n<li>Du 2 au 5 janvier, <a href=\"https:\/\/vilanova.cat\/agenda\/detall?id=30837\" target=\"_self\" rel=\"noopener\"><strong>Bureau de l&rsquo;Eliseu, facteur royal<\/strong><\/a><\/li>\n<li>Jusqu&rsquo;au 5 janvier, <a href=\"https:\/\/vilanova.cat\/agenda\/detall?id=27459\" target=\"_self\" rel=\"noopener\"><strong>March\u00e9 de No\u00ebl et des Rois<\/strong><\/a><\/li>\n<li>5 janvier, <a href=\"https:\/\/vilanova.cat\/agenda\/detall?id=30834\" target=\"_self\" rel=\"noopener\"><strong>Cavalcade des Rois d&rsquo;Orient<\/strong><\/a><\/li>\n<li>Jusqu&rsquo;au 8 janvier, <strong><a href=\"https:\/\/vilanova.cat\/agenda\/detall?id=30838\" target=\"_blank\" rel=\"noopener\">Cr\u00e8che<\/a><\/strong><\/li>\n<li>Du 12 au 27 janvier, <a href=\"https:\/\/www.vilanovaturisme.cat\/que_fer\/tres_tombs\" target=\"_self\" rel=\"noopener\"><strong>Festival d&rsquo;Hiver<\/strong><\/a><\/li>\n<li>13 janvier, <a href=\"https:\/\/www.vilanovaturisme.cat\/que_fer\/tres_tombs\" target=\"_self\" rel=\"noopener\"><strong>d\u00e9fil\u00e9 de danses et d&rsquo;ap\u00e9ritifs en l&rsquo;honneur de Sant Antoni<\/strong><\/a><\/li>\n<li>13 janvier, <a href=\"https:\/\/www.vilanova.cat\/tres_tombs\" target=\"_self\" rel=\"noopener\"><strong>Remise et transfert du Drapeau des Trois Tombeaux<\/strong><\/a><\/li>\n<li>13 janvier, <a href=\"https:\/\/www.vilanovaturisme.cat\/que_fer\/tres_tombs\" target=\"_self\" rel=\"noopener\"><strong>danse d&rsquo;hiver<\/strong><\/a><\/li>\n<li>13 janvier<strong> <\/strong><a href=\"https:\/\/www.vilanovaturisme.cat\/que_fer\/tres_tombs\" target=\"_self\" rel=\"noopener\"><strong>Correfoc de Sant Antoni<\/strong><\/a><\/li>\n<li>14 janvier <strong>,<\/strong> <a href=\"https:\/\/www.vilanova.cat\/tres_tombs\" target=\"_self\" rel=\"noopener\"><strong>D\u00e9fil\u00e9 des enfants de Sant Antoni<\/strong><\/a><\/li>\n<li>17 janvier<strong> <\/strong><a href=\"https:\/\/www.vilanovaturisme.cat\/que_fer\/tres_tombs\" target=\"_blank\" rel=\"noopener\"><strong>Trois tombeaux de Sant Antoni Abat<\/strong><\/a> (jour f\u00e9ri\u00e9)<\/li>\n<li>28 janvier <a href=\"https:\/\/aetalaia.cat\/events\/36-caminada-popular-2024-01-28\/\" target=\"_blank\" rel=\"noopener\"><strong>XXXVI Marche populaire de la Tour de Garde<\/strong><\/a><\/li>\n<li>28 janvier, <a href=\"https:\/\/www.vilanovaturisme.cat\/que_fer\/festa_de_lespigall\" target=\"_self\" rel=\"noopener\"><strong>F\u00eate de l&rsquo;Espigall<\/strong><\/a><\/li>\n<\/ul>\n\t\t\t\t\t\t\t\t<\/div>\n\t\t\t\t<\/div>\n\t\t\t\t<div class=\"elementor-element elementor-element-9665fbd elementor-widget elementor-widget-heading\" data-id=\"9665fbd\" data-element_type=\"widget\" data-e-type=\"widget\" data-widget_type=\"heading.default\">\n\t\t\t\t<div class=\"elementor-widget-container\">\n\t\t\t\t\t<h5 class=\"elementor-heading-title elementor-size-default\">F\u00c9VRIER<\/h5>\t\t\t\t<\/div>\n\t\t\t\t<\/div>\n\t\t\t\t<div class=\"elementor-element elementor-element-128546c elementor-widget elementor-widget-text-editor\" data-id=\"128546c\" data-element_type=\"widget\" data-e-type=\"widget\" data-widget_type=\"text-editor.default\">\n\t\t\t\t<div class=\"elementor-widget-container\">\n\t\t\t\t\t\t\t\t\t<ul>\n<li>Du 3 au 14 f\u00e9vrier, <strong><a href=\"https:\/\/www.vilanovaturisme.cat\/que_fer\/carnaval\" target=\"_self\" rel=\"noopener\">Carnaval de Vilanova i la Geltr\u00fa 2024<\/a><\/strong><\/li>\n<li>3 f\u00e9vrier, <strong>samedi de danse du ch\u00e2le<\/strong> <\/li>\n<li>4 f\u00e9vrier, <strong>Comp\u00e9tences musicales<\/strong><\/li>\n<li>7 f\u00e9vrier, <strong>Le Masque d&rsquo;Or<\/strong><\/li>\n<li>8 f\u00e9vrier, <strong>jeudi gras, meringue<\/strong> <\/li>\n<li>9 f\u00e9vrier, <strong>arriv\u00e9e vendredi<\/strong> <\/li>\n<li>10 f\u00e9vrier, <strong>samedi des Mascarots (Carnaval des enfants avec le Caramel, \u00e9galement le Moix\u00f3 Foger, les G\u00e9ants de Cuyna Vella et la Danse des Malcasats)<\/strong><\/li>\n<li>11 f\u00e9vrier, <strong>comparer dimanche<\/strong> <\/li>\n<li>12 f\u00e9vrier, <strong>lundi de chorale<\/strong><\/li>\n<li>13 f\u00e9vrier, <strong>mardi Vidalot<\/strong><\/li>\n<li>14 f\u00e9vrier, <strong>mercredi des Cendres, enterrement de la Sardine<\/strong><\/li>\n<\/ul>\n\t\t\t\t\t\t\t\t<\/div>\n\t\t\t\t<\/div>\n\t\t\t\t<\/div>\n\t\t<div class=\"elementor-element elementor-element-e245471 e-con-full e-flex e-con e-child\" data-id=\"e245471\" data-element_type=\"container\" data-e-type=\"container\">\n\t\t\t\t<div class=\"elementor-element elementor-element-3080da8 elementor-widget elementor-widget-heading\" data-id=\"3080da8\" data-element_type=\"widget\" data-e-type=\"widget\" data-widget_type=\"heading.default\">\n\t\t\t\t<div class=\"elementor-widget-container\">\n\t\t\t\t\t<h5 class=\"elementor-heading-title elementor-size-default\">MARS<\/h5>\t\t\t\t<\/div>\n\t\t\t\t<\/div>\n\t\t\t\t<div class=\"elementor-element elementor-element-e16b6e6 elementor-widget elementor-widget-text-editor\" data-id=\"e16b6e6\" data-element_type=\"widget\" data-e-type=\"widget\" data-widget_type=\"text-editor.default\">\n\t\t\t\t<div class=\"elementor-widget-container\">\n\t\t\t\t\t\t\t\t\t<ul>\n<li>7 et 8 mars, <a href=\"https:\/\/www.imet.cat\/\" target=\"_self\" rel=\"noopener\"><strong>Salon de l&rsquo;\u00e9ducation Zone E Garraf<\/strong><\/a><\/li>\n<li>9 et 10 mars, 44a.  <a href=\"https:\/\/www.cnvilanova.cat\/ca\/default\/sections\/content\/ini\/1\/id\/seccio-creuers-ca\" target=\"_blank\" rel=\"noopener\"><strong>R\u00e9gate des Columbretes<\/strong><\/a><\/li>\n<li>24 mars, X \u00e9dition de la <a href=\"http:\/\/www.cursadelscolls.cat\/\" target=\"_blank\" rel=\"noopener\"><strong>Course des Collines<\/strong><\/a><\/li>\n<li>31 mars, <a href=\"https:\/\/www.korfbal.cat\/vilanova-i-la-geltru-acollira-el-proper-ikf-u19-open-european-korfball-championship-2024\/\" target=\"_blank\" rel=\"noopener\"><strong>Championnat d&rsquo;Europe S19 de Korfbal<\/strong><\/a><\/li>\n<li>Salon <a href=\"https:\/\/www.vilanova.cat\/agenda\/detall?id=28755\" target=\"_self\" rel=\"noopener\"><strong>des ruptures de stock<\/strong><\/a> , \u00e9dition hiver<\/li>\n<li><a href=\"http:\/\/aetalaia.cat\/\" target=\"_self\" rel=\"noopener\"><strong>64e marche d&rsquo;orientation par description<\/strong><\/a><\/li>\n<li>Spectacle pour la Journ\u00e9e de la femme<strong> <\/strong><a href=\"http:\/\/www.falconsdevilanova.cat\/\" target=\"_blank\" rel=\"noopener\"><strong>Faucons de Vilanova<\/strong><\/a><\/li>\n<\/ul>\n\t\t\t\t\t\t\t\t<\/div>\n\t\t\t\t<\/div>\n\t\t\t\t<div class=\"elementor-element elementor-element-d4b03e5 elementor-widget elementor-widget-heading\" data-id=\"d4b03e5\" data-element_type=\"widget\" data-e-type=\"widget\" data-widget_type=\"heading.default\">\n\t\t\t\t<div class=\"elementor-widget-container\">\n\t\t\t\t\t<h5 class=\"elementor-heading-title elementor-size-default\">AVRIL<\/h5>\t\t\t\t<\/div>\n\t\t\t\t<\/div>\n\t\t\t\t<div class=\"elementor-element elementor-element-1150cf5 elementor-widget elementor-widget-text-editor\" data-id=\"1150cf5\" data-element_type=\"widget\" data-e-type=\"widget\" data-widget_type=\"text-editor.default\">\n\t\t\t\t<div class=\"elementor-widget-container\">\n\t\t\t\t\t\t\t\t\t<ul>\n<li>Du 6 au 9 avril, <a href=\"https:\/\/www.vilanova.cat\/comerc\/\" target=\"_self\" rel=\"noopener\"><strong>march\u00e9 artisanal de P\u00e2ques<\/strong><\/a><\/li>\n<li>6, 7, 13 et 14 avril, <a href=\"https:\/\/www.cnvilanova.cat\/\" target=\"_self\" rel=\"noopener\"><strong>Championnat Catalan de Voile<\/strong><\/a><\/li>\n<li>14 avril, <a href=\"https:\/\/www.bordegassos.cat\/agenda-dels-bordegassos.php\" target=\"_blank\" rel=\"noopener\"><strong>avant-premi\u00e8re de Sant Jordi<\/strong><\/a> <strong>, avec Bordegassos et autres gangs invit\u00e9s<\/strong><\/li>\n<li>21 avril<strong> <\/strong><a href=\"https:\/\/www.vilanova.cat\/esports\/la_cursa_popular\" target=\"_self\" rel=\"noopener\"><strong>Course populaire Vilanova i la Geltr\u00fa<\/strong><\/a><\/li>\n<li>20 et 21 avril, <a href=\"https:\/\/www.cnvilanova.cat\/\" target=\"_self\" rel=\"noopener\"><strong>R\u00e9gate Pas\u00edfae<\/strong><\/a><\/li>\n<li>23 avril, Sant Jordi, Journ\u00e9e du Livre et de la Rose<\/li>\n<li>23 avril, <a href=\"https:\/\/www.bordegassos.cat\/agenda-dels-bordegassos.php\" target=\"_blank\" rel=\"noopener\"><strong>Castellera de Sant Jordi,<\/strong><\/a> <strong>avec Bordegassos et autres gangs invit\u00e9s<\/strong><\/li>\n<li>23 avril, <a href=\"http:\/\/www.falconsdevilanova.cat\/\" target=\"_self\" rel=\"noopener\"><strong>Journ\u00e9e de la fauconnerie de Sant Jordi,<\/strong><\/a> <strong>avec les Faucons de Vilanova<\/strong><\/li>\n<li>27 avril, <a href=\"https:\/\/www.escenavilanova.cat\/\" target=\"_self\" rel=\"noopener\"><strong>Journ\u00e9e internationale de la danse<\/strong><\/a><\/li>\n<li><a href=\"https:\/\/beerlive.es\/\" target=\"_self\" rel=\"noopener\"><strong>Bi\u00e8re en direct<\/strong><\/a><strong> <\/strong><\/li>\n<\/ul>\n\t\t\t\t\t\t\t\t<\/div>\n\t\t\t\t<\/div>\n\t\t\t\t<\/div>\n\t\t\t\t\t<\/div>\n\t\t\t\t<\/div>\n\t\t<div class=\"elementor-element elementor-element-6a6c1ac e-flex e-con-boxed e-con e-parent\" data-id=\"6a6c1ac\" data-element_type=\"container\" data-e-type=\"container\" data-settings=\"{&quot;background_background&quot;:&quot;classic&quot;}\">\n\t\t\t\t\t<div class=\"e-con-inner\">\n\t\t<div class=\"elementor-element elementor-element-6db376d e-con-full e-flex e-con e-child\" data-id=\"6db376d\" data-element_type=\"container\" data-e-type=\"container\">\n\t\t\t\t<div class=\"elementor-element elementor-element-9c78133 elementor-widget elementor-widget-heading\" data-id=\"9c78133\" data-element_type=\"widget\" data-e-type=\"widget\" data-widget_type=\"heading.default\">\n\t\t\t\t<div class=\"elementor-widget-container\">\n\t\t\t\t\t<h5 class=\"elementor-heading-title elementor-size-default\">PEUT  <\/h5>\t\t\t\t<\/div>\n\t\t\t\t<\/div>\n\t\t\t\t<div class=\"elementor-element elementor-element-5c001d5 elementor-widget elementor-widget-text-editor\" data-id=\"5c001d5\" data-element_type=\"widget\" data-e-type=\"widget\" data-widget_type=\"text-editor.default\">\n\t\t\t\t<div class=\"elementor-widget-container\">\n\t\t\t\t\t\t\t\t\t<ul>\n<li>1er au 31 mai, <a href=\"https:\/\/www.gremivng.com\/3a-edicio-vermutejant-2\/\" target=\"_self\" rel=\"noopener\"><strong>Vermutejant<\/strong><\/a><\/li>\n<li>4 et 5 mai, <a href=\"https:\/\/www.cnvilanova.cat\/ca\/default\/sections\/content\/ini\/1\/id\/seccio-creuers-ca\" target=\"_self\" rel=\"noopener\"><strong>Championnat<\/strong><\/a> <a href=\"https:\/\/www.cnvilanova.cat\/ca\/default\/sections\/content\/ini\/1\/id\/seccio-creuers-ca\" target=\"_self\" rel=\"noopener\"><strong>de Catalogne des Catamarans<\/strong><\/a><\/li>\n<li>25 mai,<strong> <\/strong><a href=\"https:\/\/ucvilanova.cat\/\" target=\"_self\" rel=\"noopener\"><strong>Isaac Galvez classique<\/strong><\/a> <\/li>\n<li>11 et 12 mai, <a href=\"https:\/\/www.cnvilanova.cat\/ca\/default\/sections\/content\/ini\/1\/id\/seccio-creuers-ca\" target=\"_self\" rel=\"noopener\"><strong>1\u00e8re r\u00e9gate de voile 100 Miles A2<\/strong><\/a><\/li>\n<li><strong> <\/strong><a href=\"https:\/\/www.vilanovaturisme.cat\/que_fer\/mercat_noucentista\" target=\"_blank\" rel=\"noopener\"><strong>March\u00e9 Noucentiste<\/strong><\/a><\/li>\n<li><a href=\"https:\/\/www.instagram.com\/beachvolleygarraf\/\" target=\"_self\" rel=\"noopener\"><strong>Roi Reine du Championnat de Beach Volleyball<\/strong><\/a><\/li>\n<li><a href=\"http:\/\/custodiaplatgesgarraf.weebly.com\/ecocursa.html\" target=\"_self\" rel=\"noopener\"><strong>6\u00e8me Course \u00e9cologique<\/strong><\/a>, \u00e0 travers l&rsquo;espace naturel d&rsquo;Els Colls<\/li>\n<li><a href=\"https:\/\/atletesvng.org\/\" target=\"_self\" rel=\"noopener\"><strong>10Km Ville de Vilanova<\/strong><\/a> , course de 5Km et 10Km  <\/li>\n<li><a href=\"https:\/\/www.afevi.org\/\" target=\"_self\" rel=\"noopener\"><strong>34\u00e8me R\u00e9union de mod\u00e9lisation en \u00e9quipage<\/strong><\/a><\/li>\n<li><a href=\"http:\/\/aetalaia.cat\/activitats\/\" target=\"_self\" rel=\"noopener\"><strong>Course de montagne Talaia<\/strong><\/a><\/li>\n<li><a href=\"https:\/\/www.vilanova.cat\/museus\/\" target=\"_self\" rel=\"noopener\"><strong>Nuit des Mus\u00e9es<\/strong><\/a><\/li>\n<\/ul>\n\t\t\t\t\t\t\t\t<\/div>\n\t\t\t\t<\/div>\n\t\t\t\t<div class=\"elementor-element elementor-element-9e8980b elementor-widget elementor-widget-heading\" data-id=\"9e8980b\" data-element_type=\"widget\" data-e-type=\"widget\" data-widget_type=\"heading.default\">\n\t\t\t\t<div class=\"elementor-widget-container\">\n\t\t\t\t\t<h5 class=\"elementor-heading-title elementor-size-default\">JUIN  <\/h5>\t\t\t\t<\/div>\n\t\t\t\t<\/div>\n\t\t\t\t<div class=\"elementor-element elementor-element-6867c35 elementor-widget elementor-widget-text-editor\" data-id=\"6867c35\" data-element_type=\"widget\" data-e-type=\"widget\" data-widget_type=\"text-editor.default\">\n\t\t\t\t<div class=\"elementor-widget-container\">\n\t\t\t\t\t\t\t\t\t<ul>\n<li>1er au 30 juin, <a href=\"https:\/\/www.gremivng.com\/destapa-vilanova\/\" target=\"_self\" rel=\"noopener\"><strong>Ruta de la tapa desTaPa V<\/strong><\/a> <a href=\"https:\/\/www.gremivng.com\/destapa-vilanova\/\" target=\"_self\" rel=\"noopener\"><strong>ilanova<\/strong><\/a><\/li>\n<li>1er et 2 juin, <strong>Aquathlon et Triathlon<\/strong><\/li>\n<li>1er et 2 juin, <strong>Fight Like a Woman (Crosfit)<\/strong><\/li>\n<li>Du 7 au 9 juin, Foire <a href=\"https:\/\/tempsdevi.cat\/\" target=\"_self\" rel=\"noopener\"><strong>Temps de Vi<\/strong><\/a><strong> <\/strong><\/li>\n<li>15 juin<strong> <\/strong><a href=\"https:\/\/www.bordegassos.cat\/\" target=\"_self\" rel=\"noopener\"><strong>Journ\u00e9e des origines<\/strong><\/a> Jornada Castellera<\/li>\n<li>15 juin, Ari Cup 3&#215;3 (comp\u00e9tition de basket-ball)<\/li>\n<li>21 juin, <strong>Journ\u00e9e internationale de la musique<\/strong> <\/li>\n<li>23 juin, <a href=\"https:\/\/www.vilanova.cat\/sant_joan\" target=\"_blank\" rel=\"noopener\"><strong>veille de la Saint-Jean<\/strong><\/a> <strong> <\/strong><\/li>\n<li>Du 23 juin au 27 ao\u00fbt (du jeudi au dimanche) et le 15 ao\u00fbt, <a href=\"https:\/\/www.vilanova.cat\/agenda\/detall?id=27105\" target=\"_self\" rel=\"noopener\"><strong>march\u00e9 artisanal d&rsquo;\u00e9t\u00e9 sur le Passeig del Carmen<\/strong><\/a><\/li>\n<li>Du 24 juin au 11 septembre, Service <a href=\"http:\/\/cmslocalturisme.ajuntament.org\/trenet_turistic?rnd=760505844\" target=\"_self\" rel=\"noopener\"><strong>de Train Touristique<\/strong><\/a><\/li>\n<li><strong>Tapis de fleurs pour la F\u00eate-Dieu \u00e0 Geltr\u00fa  <\/strong><\/li>\n<li><a href=\"https:\/\/fcvolei.cat\/\" target=\"_self\" rel=\"noopener\"><strong>Championnat de Catalogne de Volleyball Tourn\u00e9e Catalane de Volleyball Platja-Vichy<\/strong><\/a><\/li>\n<li><a href=\"https:\/\/www.vilanovaturisme.cat\/que_fer\/festes_de_sant_pere\" target=\"_blank\" rel=\"noopener\"><strong>F\u00eates de Saint Pierre<\/strong><\/a><\/li>\n<li><a href=\"https:\/\/www.vilanovaturisme.cat\/agenda\/detall?id=28951\" target=\"_blank\" rel=\"noopener\"><strong>Concours d&rsquo;ail r\u00f4ti  <\/strong><\/a><strong> <\/strong><\/li>\n<li><a href=\"https:\/\/www.beachvolleygarraf.com\/\" target=\"_self\" rel=\"noopener\"><strong>Tournoi de Beach Volleyball Ciutat de Vilanova<\/strong><\/a><\/li>\n<li><a href=\"https:\/\/www.vilanova.cat\/comerc\/\" target=\"_self\" rel=\"noopener\"><strong>Salon des v\u00e9hicules d&rsquo;occasion<\/strong><\/a><\/li>\n<\/ul>\n\t\t\t\t\t\t\t\t<\/div>\n\t\t\t\t<\/div>\n\t\t\t\t<\/div>\n\t\t<div class=\"elementor-element elementor-element-b310308 e-con-full e-flex e-con e-child\" data-id=\"b310308\" data-element_type=\"container\" data-e-type=\"container\">\n\t\t\t\t<div class=\"elementor-element elementor-element-3d2cfdc elementor-widget elementor-widget-heading\" data-id=\"3d2cfdc\" data-element_type=\"widget\" data-e-type=\"widget\" data-widget_type=\"heading.default\">\n\t\t\t\t<div class=\"elementor-widget-container\">\n\t\t\t\t\t<h5 class=\"elementor-heading-title elementor-size-default\">JUILLET<\/h5>\t\t\t\t<\/div>\n\t\t\t\t<\/div>\n\t\t\t\t<div class=\"elementor-element elementor-element-74e02bf elementor-widget elementor-widget-text-editor\" data-id=\"74e02bf\" data-element_type=\"widget\" data-e-type=\"widget\" data-widget_type=\"text-editor.default\">\n\t\t\t\t<div class=\"elementor-widget-container\">\n\t\t\t\t\t\t\t\t\t<ul>\n<li>Du 23 juin au 27 ao\u00fbt (du jeudi au dimanche) et le 15 ao\u00fbt, <a href=\"https:\/\/www.vilanova.cat\/agenda\/detall?id=27105\" target=\"_self\" rel=\"noopener\"><strong>march\u00e9 artisanal d&rsquo;\u00e9t\u00e9 sur le Passeig del Carmen<\/strong><\/a><\/li>\n<li>Du 4 au 6 juillet, <a href=\"https:\/\/www.es.vidafestival.com\/\" target=\"_blank\" rel=\"noopener\"><strong>Festival Vida<\/strong><\/a> , Masia Cabanyes<\/li>\n<li>Du 11 au 14 juillet, <a href=\"http:\/\/cmslocalturisme.ajuntament.org\/que_fer\/fimpt\" target=\"_self\" rel=\"noopener\"><strong>FIMPT &#8211; Festival International de Musiques Populaires Traditionnelles<\/strong><\/a><\/li>\n<li>Du 19 juillet au 6 ao\u00fbt,<strong> <\/strong><a href=\"https:\/\/www.vilanovaturisme.cat\/que_fer\/festa_major\" target=\"_self\" rel=\"noopener\"><strong>Grande F\u00eate de Vilanova i la Geltr\u00fa<\/strong><\/a><\/li>\n<li>19 et 20 juillet, <strong><a href=\"http:\/\/cmslocalturisme.ajuntament.org\/que_fer\/nowa_reggae\" target=\"_self\" rel=\"noopener\">Nowa Reggae Festival<\/a><\/strong><a href=\"http:\/\/cmslocalturisme.ajuntament.org\/que_fer\/nowa_reggae\" target=\"_self\" rel=\"noopener\"><strong> <\/strong><\/a><\/li>\n<li>Du 25 au 27 juillet, <a href=\"https:\/\/www.vilanovaturisme.cat\/que_fer\/el_tingladu\" target=\"_self\" rel=\"noopener\"><strong>El Tingladu<\/strong><\/a><strong> <\/strong><\/li>\n<li><a href=\"https:\/\/www.vilanovaturisme.cat\/que_fer\/festes_de_sant_pere\" target=\"_self\" rel=\"noopener\"><strong>Procession de Saint Pierre<\/strong><\/a> <\/li>\n<li><a href=\"https:\/\/www.vilanova.cat\/agenda\/detall?id=30173\" target=\"_blank\" rel=\"noopener\"><strong>Une mer de tapas<\/strong><\/a> , au march\u00e9 de la mer<\/li>\n<li><a href=\"https:\/\/www.vilanovaturisme.cat\/que_fer\/festes_de_sant_pere\" target=\"_self\" rel=\"noopener\"><strong>Exposition de ch\u00e2teaux &#8211; F\u00eates de Sant Pere<\/strong><\/a><\/li>\n<li><a href=\"https:\/\/www.instagram.com\/elsinglot\/\" target=\"_self\" rel=\"noopener\"><strong>Impliquez-vous<\/strong><\/a> , Salon de la bi\u00e8re artisanale<\/li>\n<li><a href=\"https:\/\/www.vilanovaturisme.cat\/que_fer\/festes_de_sant_pere\" target=\"_blank\" rel=\"noopener\"><strong>Correfoc de Sant Pere<\/strong><\/a><\/li>\n<\/ul>\n\t\t\t\t\t\t\t\t<\/div>\n\t\t\t\t<\/div>\n\t\t\t\t<div class=\"elementor-element elementor-element-cd5dc50 elementor-widget elementor-widget-heading\" data-id=\"cd5dc50\" data-element_type=\"widget\" data-e-type=\"widget\" data-widget_type=\"heading.default\">\n\t\t\t\t<div class=\"elementor-widget-container\">\n\t\t\t\t\t<h5 class=\"elementor-heading-title elementor-size-default\">AO\u00dbT<\/h5>\t\t\t\t<\/div>\n\t\t\t\t<\/div>\n\t\t\t\t<div class=\"elementor-element elementor-element-f747189 elementor-widget elementor-widget-text-editor\" data-id=\"f747189\" data-element_type=\"widget\" data-e-type=\"widget\" data-widget_type=\"text-editor.default\">\n\t\t\t\t<div class=\"elementor-widget-container\">\n\t\t\t\t\t\t\t\t\t<ul>\n<li>Du 23 au 27 juin&nbsp; du mois d&rsquo;ao\u00fbt (du jeudi au dimanche) et le 15 ao\u00fbt&nbsp;&nbsp; <a href=\"https:\/\/www.vilanova.cat\/agenda\/detall?id=27105\" target=\"_self\" rel=\"noopener\"><strong>March\u00e9 artisanal d&rsquo;\u00e9t\u00e9 sur le Passeig del Carmen<\/strong><\/a><\/li>\n<li>Des 2&nbsp; au 5 ao\u00fbt,&nbsp; <a href=\"https:\/\/twitter.com\/fmentitats\" target=\"_blank\" rel=\"noopener\"><strong>Groupe majeur d&rsquo;entit\u00e9s<\/strong><\/a><\/li>\n<li>2 ao\u00fbt, Correfoc,&nbsp; <a href=\"https:\/\/www.vilanovaturisme.cat\/que_fer\/festa_major\" target=\"_self\" rel=\"noopener\"><strong>Grande F\u00eate de Vilanova i la Geltr\u00fa<\/strong><\/a><\/li>\n<li>3 ao\u00fbt&nbsp; Bordeaux,&nbsp; Jour de neige&nbsp; <a href=\"https:\/\/www.vilanovaturisme.cat\/que_fer\/festa_major\" target=\"_self\" rel=\"noopener\"><strong>Grande F\u00eate de Vilanova i la Geltr\u00fa<\/strong><\/a><\/li>\n<li>4 ao\u00fbt&nbsp; <a href=\"https:\/\/www.vilanovaturisme.cat\/que_fer\/festa_major\" target=\"_blank\" rel=\"noopener\"><strong>Veill\u00e9e de la F\u00eate Majeure \u2013 D\u00e9fil\u00e9s, danses et Ch\u00e2teau des Feux \u2013 F\u00eate Majeure de Vilanova i la Geltr\u00fa<\/strong><\/a><\/li>\n<li>5 ao\u00fbt, Notre-Dame des Neiges,&nbsp; <a href=\"https:\/\/www.vilanovaturisme.cat\/que_fer\/festa_major\" target=\"_self\" rel=\"noopener\"><strong>Grande F\u00eate de Vilanova i la Geltr\u00fa<\/strong><\/a>&nbsp; (Vacances)<\/li>\n<li>5 ao\u00fbt&nbsp; <a href=\"https:\/\/www.vilanovaturisme.cat\/que_fer\/festa_major\" target=\"_blank\" rel=\"noopener\"><strong>D\u00e9fil\u00e9 et renouvellement du vote du peuple<\/strong><\/a><\/li>\n<li>6 ao\u00fbt&nbsp; <strong>D\u00e9fil\u00e9 de l&rsquo;Imaginaire<\/strong><\/li>\n<li>&nbsp;<a href=\"https:\/\/www.vilanova.cat\/agenda\/detall?id=29189\" target=\"_blank\" rel=\"noopener\"><strong>Festival majeur de Geltr\u00fa<\/strong><\/a><\/li>\n<li><strong>&nbsp;Tombeau de Foc \u00e0 Geltr\u00fa<\/strong><\/li>\n<li><strong>&nbsp;Santa Maria, Cercavila de l&rsquo;Esp\u00edgol<\/strong><\/li>\n<\/ul>\t\t\t\t\t\t\t\t<\/div>\n\t\t\t\t<\/div>\n\t\t\t\t<\/div>\n\t\t\t\t\t<\/div>\n\t\t\t\t<\/div>\n\t\t<div class=\"elementor-element elementor-element-a17763a e-flex e-con-boxed e-con e-parent\" data-id=\"a17763a\" data-element_type=\"container\" data-e-type=\"container\">\n\t\t\t\t\t<div class=\"e-con-inner\">\n\t\t<div class=\"elementor-element elementor-element-8148033 e-con-full e-flex e-con e-child\" data-id=\"8148033\" data-element_type=\"container\" data-e-type=\"container\">\n\t\t\t\t<div class=\"elementor-element elementor-element-d98c7bf elementor-widget elementor-widget-heading\" data-id=\"d98c7bf\" data-element_type=\"widget\" data-e-type=\"widget\" data-widget_type=\"heading.default\">\n\t\t\t\t<div class=\"elementor-widget-container\">\n\t\t\t\t\t<h5 class=\"elementor-heading-title elementor-size-default\">SEPTEMBRE<\/h5>\t\t\t\t<\/div>\n\t\t\t\t<\/div>\n\t\t\t\t<div class=\"elementor-element elementor-element-6878386 elementor-widget elementor-widget-text-editor\" data-id=\"6878386\" data-element_type=\"widget\" data-e-type=\"widget\" data-widget_type=\"text-editor.default\">\n\t\t\t\t<div class=\"elementor-widget-container\">\n\t\t\t\t\t\t\t\t\t<ul>\n<li>Du 24 juin au 11 septembre, Service <a href=\"http:\/\/cmslocalturisme.ajuntament.org\/trenet_turistic?rnd=760505844\" target=\"_self\" rel=\"noopener\"><strong>de Train Touristique<\/strong><\/a><\/li>\n<li>Salon <a href=\"https:\/\/xn--viucomer-z0a.cat\/\" target=\"_self\" rel=\"noopener\"><strong>des ruptures de stock<\/strong><\/a> , <strong>liquidation de la saison d&rsquo;hiver<\/strong><\/li>\n<li>10 septembre<strong> <\/strong><a href=\"https:\/\/transtriatlon.com\/\" target=\"_self\" rel=\"noopener\"><strong>XXIIIe Triathlon de Vilanova i la Geltr\u00fa<\/strong><\/a><\/li>\n<li><a href=\"https:\/\/www.vilanovaturisme.cat\/agenda\/detall?id=30369\" target=\"_self\" rel=\"noopener\"><strong>F\u00eate du cheval<\/strong><\/a><\/li>\n<li><a href=\"https:\/\/deporunners.cat\/producto\/inscripcio-milla-catalana-2023\/\" target=\"_self\" rel=\"noopener\"><strong>le Mile Catalan<\/strong><\/a><\/li>\n<li><a href=\"https:\/\/es-es.facebook.com\/laclassicadelfoix\/\" target=\"_blank\" rel=\"noopener\"><strong>La P\u00e9dales de Foix<\/strong><\/a><\/li>\n<li><a href=\"https:\/\/www.musiquesdelretaule.cat\/\" target=\"_self\" rel=\"noopener\"><strong>M\u00fasiques del Retaule &#8211; S\u00e9rie de concerts de musique sacr\u00e9e<\/strong><\/a><\/li>\n<li><a href=\"https:\/\/www.google.com\/maps\/d\/u\/0\/viewer?ll=41.22923950460699%2C1.6507880732382452&amp;z=13&amp;mid=1bYKOvfkJv9Lj1YaMKuUJJlRb6JWkFRA\" target=\"_self\" rel=\"noopener\"><strong>Mouvement de transhumance du Cam\u00ed ramedar de Marina<\/strong><\/a><\/li>\n<\/ul>\n\t\t\t\t\t\t\t\t<\/div>\n\t\t\t\t<\/div>\n\t\t\t\t<div class=\"elementor-element elementor-element-1a25675 elementor-widget elementor-widget-heading\" data-id=\"1a25675\" data-element_type=\"widget\" data-e-type=\"widget\" data-widget_type=\"heading.default\">\n\t\t\t\t<div class=\"elementor-widget-container\">\n\t\t\t\t\t<h5 class=\"elementor-heading-title elementor-size-default\">OCTOBRE<\/h5>\t\t\t\t<\/div>\n\t\t\t\t<\/div>\n\t\t\t\t<div class=\"elementor-element elementor-element-ba0a5d9 elementor-widget elementor-widget-text-editor\" data-id=\"ba0a5d9\" data-element_type=\"widget\" data-e-type=\"widget\" data-widget_type=\"text-editor.default\">\n\t\t\t\t<div class=\"elementor-widget-container\">\n\t\t\t\t\t\t\t\t\t<ul>\n<li>12 octobre, <a href=\"https:\/\/www.afevi.org\/\" target=\"_self\" rel=\"noopener\"><strong>Journ\u00e9e de Solidarit\u00e9 Via 0 &#8211; Train Miniature AFEVI<\/strong><\/a><\/li>\n<li><a href=\"https:\/\/www.bordegassos.cat\/\" target=\"_self\" rel=\"noopener\"><strong>Journ\u00e9e ch\u00e2teau Albert Salvany<\/strong><\/a><\/li>\n<li><a href=\"https:\/\/www.vilanova.cat\/agenda\/detall?id=26253\" target=\"_self\" rel=\"noopener\"><strong>26\u00e8me MotoCl\u00e0ssic Vilanova<\/strong><\/a><\/li>\n<li>13\u00e8me \u00e9dition<strong> <\/strong><a href=\"https:\/\/www.instagram.com\/mercats_municipals_vng\/\" target=\"_self\" rel=\"noopener\"><strong>Mer de Tapas<\/strong><\/a><\/li>\n<li><a href=\"https:\/\/masiadencabanyes.cat\/\" target=\"_self\" rel=\"noopener\"><strong>F\u00eate des Arts et de la Nature<\/strong><\/a><\/li>\n<li><a href=\"https:\/\/www.vilanova.cat\/agenda\/resultats_cerca?tw240=240&amp;data-inici=&amp;data-fi=&amp;fam420=420&amp;text=\" target=\"_self\" rel=\"noopener\"><strong>Journ\u00e9es europ\u00e9ennes du patrimoine<\/strong><\/a><\/li>\n<li><a href=\"https:\/\/gastrofest.cat\/index.php\/vilanova\" target=\"_self\" rel=\"noopener\"><strong>F\u00eate gastronomique de San Miguel<\/strong><\/a><\/li>\n<li><a href=\"https:\/\/blancfestival.com\/\" target=\"_self\" rel=\"noopener\"><strong>Festival Blanc<\/strong><\/a> <strong>&#8211;<\/strong> Design cr\u00e9atif<\/li>\n<li><a href=\"http:\/\/www.falconsdevilanova.cat\/\" target=\"_blank\" rel=\"noopener\"><strong>Journ\u00e9e de la Colla dels Falcons de Vilanova<\/strong><\/a><\/li>\n<\/ul>\n\t\t\t\t\t\t\t\t<\/div>\n\t\t\t\t<\/div>\n\t\t\t\t<\/div>\n\t\t<div class=\"elementor-element elementor-element-14a4196 e-con-full e-flex e-con e-child\" data-id=\"14a4196\" data-element_type=\"container\" data-e-type=\"container\">\n\t\t\t\t<div class=\"elementor-element elementor-element-924af27 elementor-widget elementor-widget-heading\" data-id=\"924af27\" data-element_type=\"widget\" data-e-type=\"widget\" data-widget_type=\"heading.default\">\n\t\t\t\t<div class=\"elementor-widget-container\">\n\t\t\t\t\t<h5 class=\"elementor-heading-title elementor-size-default\">NOVEMBRE<\/h5>\t\t\t\t<\/div>\n\t\t\t\t<\/div>\n\t\t\t\t<div class=\"elementor-element elementor-element-c177f48 elementor-widget elementor-widget-text-editor\" data-id=\"c177f48\" data-element_type=\"widget\" data-e-type=\"widget\" data-widget_type=\"text-editor.default\">\n\t\t\t\t<div class=\"elementor-widget-container\">\n\t\t\t\t\t\t\t\t\t<ul>\n<li>2 novembre, <a href=\"http:\/\/vilanovanightrun.com\/\" target=\"_self\" rel=\"noopener\"><strong>course nocturne de Vilanova<\/strong><\/a><\/li>\n<li>8, 9 et 10 novembre, <a href=\"https:\/\/firadenovembre.cat\/\" target=\"_self\" rel=\"noopener\"><strong>Foire de novembre<\/strong><\/a><a href=\"https:\/\/firadenovembre.cat\/\" target=\"_self\" rel=\"noopener\"><strong> <\/strong><\/a><\/li>\n<li>Novembre, D\u00e9but de <strong>la saison Ruta del Xat\u00f3 2023-2024<\/strong><\/li>\n<li>24 novembre, <a href=\"http:\/\/www.vilanovaturisme.cat\/ca\/ciutat\/Que-Fer\/Fires-i-Festes\/Festival-del-Xato\" target=\"_blank\" rel=\"noopener\"><strong>F\u00eate du Xat\u00f3<\/strong><\/a> \u2013 <strong>F\u00eate gastronomique<\/strong> <\/li>\n<li><a href=\"https:\/\/www.bordegassos.cat\/\" target=\"_blank\" rel=\"noopener\"><strong>Journ\u00e9e des gangs Bordegassos de Vilanova<\/strong><\/a><\/li>\n<li><a href=\"https:\/\/www.instagram.com\/p\/Ck_ZJEwoveL\/\" target=\"_blank\" rel=\"noopener\"><strong>Petite Festa de la Geltr\u00fa, D\u00e9fil\u00e9 de Santa Gertrudis<\/strong><\/a><\/li>\n<\/ul>\n\t\t\t\t\t\t\t\t<\/div>\n\t\t\t\t<\/div>\n\t\t\t\t<div class=\"elementor-element elementor-element-3ecebad elementor-widget elementor-widget-heading\" data-id=\"3ecebad\" data-element_type=\"widget\" data-e-type=\"widget\" data-widget_type=\"heading.default\">\n\t\t\t\t<div class=\"elementor-widget-container\">\n\t\t\t\t\t<h5 class=\"elementor-heading-title elementor-size-default\">D\u00c9CEMBRE<\/h5>\t\t\t\t<\/div>\n\t\t\t\t<\/div>\n\t\t\t\t<div class=\"elementor-element elementor-element-c9d94e6 elementor-widget elementor-widget-text-editor\" data-id=\"c9d94e6\" data-element_type=\"widget\" data-e-type=\"widget\" data-widget_type=\"text-editor.default\">\n\t\t\t\t<div class=\"elementor-widget-container\">\n\t\t\t\t\t\t\t\t\t<ul>\n<li>de d\u00e9cembre au 5 janvier, <a href=\"https:\/\/www.vilanova.cat\/nadal_i_reis\" target=\"_self\" rel=\"noopener\"><strong>No\u00ebl et les Rois<\/strong><\/a><\/li>\n<li>du 13 d\u00e9cembre 2024 au 5 janvier 2025, <a href=\"https:\/\/www.vilanova.cat\/agenda\/detall?id=27459\" target=\"_self\" rel=\"noopener\"><strong>March\u00e9 artisanal de No\u00ebl et des Rois<\/strong><\/a><\/li>\n<li>13 d\u00e9cembre, <a href=\"https:\/\/www.vilanova.cat\/nadal_i_reis\" target=\"_self\" rel=\"noopener\"><strong>Inauguration de la cr\u00e8che<\/strong><\/a><\/li>\n<li>15 d\u00e9cembre, <a href=\"http:\/\/mitjavilanova.com\/\" target=\"_self\" rel=\"noopener\"><strong>Semi-Marathon de Vilanova i la Geltr\u00fa<\/strong><\/a><\/li>\n<li>22 d\u00e9cembre, <a href=\"https:\/\/www.vilanova.cat\/esports\/la_cursa_del_tio\" target=\"_self\" rel=\"noopener\"><strong>Cursa del Ti\u00f3<\/strong><\/a><\/li>\n<li>25 d\u00e9cembre, <strong>Retable de No\u00ebl<\/strong><\/li>\n<li>31 d\u00e9cembre, r\u00e9veillon du <strong>Nouvel<\/strong> <strong>An en ville<\/strong><\/li>\n<\/ul>\n\t\t\t\t\t\t\t\t<\/div>\n\t\t\t\t<\/div>\n\t\t\t\t<\/div>\n\t\t\t\t\t<\/div>\n\t\t\t\t<\/div>\n\t\t<div class=\"elementor-element elementor-element-eb0a02d e-flex e-con-boxed e-con e-parent\" data-id=\"eb0a02d\" data-element_type=\"container\" data-e-type=\"container\">\n\t\t\t\t\t<div class=\"e-con-inner\">\n\t\t\t\t<div class=\"elementor-element elementor-element-c410853 elementor-widget elementor-widget-heading\" data-id=\"c410853\" data-element_type=\"widget\" data-e-type=\"widget\" data-widget_type=\"heading.default\">\n\t\t\t\t<div class=\"elementor-widget-container\">\n\t\t\t\t\t<p class=\"elementor-heading-title elementor-size-default\">Vilanova est une ville avec de nombreux festivals et tractions. Vous ne le finirez PAS !!!<\/p>\t\t\t\t<\/div>\n\t\t\t\t<\/div>\n\t\t\t\t\t<\/div>\n\t\t\t\t<\/div>\n\t\t\t\t<\/div>\n\t\t","protected":false},"excerpt":{"rendered":"<p>Calendrier des festivit\u00e9s de Vilanova i la Geltru JANVIER 1er janvier, Retable de No\u00ebl Du 2 au 5 janvier, Bureau de l&rsquo;Eliseu, facteur royal Jusqu&rsquo;au 5 janvier, March\u00e9 de No\u00ebl et des Rois 5 janvier, Cavalcade des Rois d&rsquo;Orient Jusqu&rsquo;au 8 janvier, Cr\u00e8che Du 12 au 27 janvier, Festival d&rsquo;Hiver 13 janvier, d\u00e9fil\u00e9 de danses [&hellip;]<\/p>\n","protected":false},"author":1,"featured_media":0,"parent":0,"menu_order":0,"comment_status":"closed","ping_status":"closed","template":"elementor_header_footer","meta":{"footnotes":""},"class_list":["post-1220","page","type-page","status-publish","hentry"],"_links":{"self":[{"href":"https:\/\/taxipererovira.com\/fr\/wp-json\/wp\/v2\/pages\/1220","targetHints":{"allow":["GET"]}}],"collection":[{"href":"https:\/\/taxipererovira.com\/fr\/wp-json\/wp\/v2\/pages"}],"about":[{"href":"https:\/\/taxipererovira.com\/fr\/wp-json\/wp\/v2\/types\/page"}],"author":[{"embeddable":true,"href":"https:\/\/taxipererovira.com\/fr\/wp-json\/wp\/v2\/users\/1"}],"replies":[{"embeddable":true,"href":"https:\/\/taxipererovira.com\/fr\/wp-json\/wp\/v2\/comments?post=1220"}],"version-history":[{"count":1,"href":"https:\/\/taxipererovira.com\/fr\/wp-json\/wp\/v2\/pages\/1220\/revisions"}],"predecessor-version":[{"id":1226,"href":"https:\/\/taxipererovira.com\/fr\/wp-json\/wp\/v2\/pages\/1220\/revisions\/1226"}],"wp:attachment":[{"href":"https:\/\/taxipererovira.com\/fr\/wp-json\/wp\/v2\/media?parent=1220"}],"curies":[{"name":"wp","href":"https:\/\/api.w.org\/{rel}","templated":true}]}}